{"id":699,"date":"2016-08-28T20:11:00","date_gmt":"2016-08-28T18:11:00","guid":{"rendered":"http:\/\/www.vaasanmetsaveikot.fi\/?page_id=699"},"modified":"2016-08-28T20:54:10","modified_gmt":"2016-08-28T18:54:10","slug":"seitsemiseen","status":"publish","type":"page","link":"https:\/\/www.vaasanmetsaveikot.fi\/index.php\/seitsemiseen\/","title":{"rendered":"Seitsemisen vaellus"},"content":{"rendered":"<p><strong>\u00a0<\/strong><\/p>\n<h2><strong>Mets\u00e4veikkojen syysvaellus Seitsemiseen<\/strong><\/h2>\n<p><strong>\u00a0<\/strong><\/p>\n<p>Vaasan Mets\u00e4veikot j\u00e4rjest\u00e4v\u00e4t syysvaelluksen Seitsemisen kansallispuistoon. Vaellukselle l\u00e4hdet\u00e4\u00e4n <strong>perjantaina 9.9.2016 klo 16:30 <\/strong>Mets\u00e4veikkojen kololta ja palataan <strong>sunnuntaina 11.9.2016 n klo 19:00 <\/strong>Mets\u00e4veikkojen kololle.<\/p>\n<p>&nbsp;<\/p>\n<p>Vaellus on tarkoitettu kaikille VMV tarpojille ja samoajille eli vartiolaisille jotka ovat syntyneet 2005 tai aiemmin. Vaellukselle ilmoittaudutaan henkil\u00f6kohtaisesti, samasta vartiosta ilmoittautuvat tulevat vaeltamaan samassa ryhm\u00e4ss\u00e4.<\/p>\n<p>&nbsp;<\/p>\n<p>Vaellusryhm\u00e4t kantavat mukanaan oman majoitteen, ruoan ja muut varusteet. Ruuat ja kartat tarjotaan vaelluksen j\u00e4rjest\u00e4jien puolesta.<\/p>\n<p>&nbsp;<\/p>\n<p>Seitsemisen kansallispuisto sijaitsee n. 20 km p\u00e4\u00e4ss\u00e4 Parkanosta. Alueella on hyvin yll\u00e4pidetty ja kattava reitist\u00f6 sek\u00e4 monipuolinen maasto, joka sis\u00e4lt\u00e4\u00e4 vanhoja aarniometsi\u00e4, harjuja sek\u00e4 soita. Jokainen ryhm\u00e4 saa r\u00e4\u00e4t\u00e4l\u00f6id\u00e4 itselleen mieluisimman reitin. Alueelta l\u00f6ytyy my\u00f6s useampi vedent\u00e4ydennyspaikka.<\/p>\n<p>&nbsp;<\/p>\n<h3>Ilmoittautuminen<\/h3>\n<p>Vaellukselle ilmoittauduttaan Kuksassa osoitteessa <strong><u><a href=\"http:\/\/www.bit.ly\/seitsemiseen\">www.bit.ly\/seitsemiseen<\/a><\/u><\/strong>, ilmoittautuminen vaatii kirjautumisen Kuksaan. Vaelluksen hinta on Mets\u00e4veikoille vain 40,00\u20ac, joka maksetaan s\u00e4hk\u00f6postiin tulevaa laskua vastaan. Ilmoittautuneille l\u00e4hetet\u00e4\u00e4n vaellusryhm\u00e4tiedot ja viime hetken ohjeet maanantaina 5.9.2016 s\u00e4hk\u00f6postilla.<\/p>\n<p>Vaelluksen hinta muiden lippukuntien j\u00e4senille on n. 70\u20ac\u00a0 +\/-15%, laskutus vain toteutuneiden kustannusten mukaan.<\/p>\n<p>&nbsp;<\/p>\n<h3>Ohjeellinen varustelista<\/h3>\n<p>Punnitse rinkkasi, sen pit\u00e4isi painaa alle kolmasosan ruumiinpainostasi kun vesipullot ovat t\u00e4ynn\u00e4. Ehdottoman pakolliset varusteet <strong>lihavoitu:<\/strong><\/p>\n<p>&nbsp;<\/p>\n<p>&#8211;<strong>partiohuivi<\/strong><\/p>\n<p>-S\u00e4\u00e4n mukaiset <strong>vaellusvaatteet (jep, PAKKO)<\/strong><\/p>\n<p><strong>\u00a0\u00a0\u00a0\u00a0\u00a0\u00a0\u00a0\u00a0\u00a0\u00a0\u00a0\u00a0\u00a0\u00a0\u00a0\u00a0\u00a0\u00a0\u00a0\u00a0\u00a0 <\/strong>Huomioi, ett\u00e4 k\u00e4velless\u00e4 tulee yll\u00e4tt\u00e4v\u00e4n kuuma ja tauolla ja illalla yll\u00e4tt\u00e4v\u00e4n kylm\u00e4.<\/p>\n<p>-l\u00e4mp\u00f6kerrasto tai vastaavaa lis\u00e4vaatetta<\/p>\n<p>-vaihtoalusasu<\/p>\n<p><strong>-vaihtosukat<\/strong><\/p>\n<p>-toiset vaihtosukat<\/p>\n<p>-sadevaatteet tai vastaavat s\u00e4\u00e4ennusteen mukaan.<\/p>\n<p>-Pipo ja halutessasi jokin toinen p\u00e4\u00e4hine<\/p>\n<p>-hanskat<\/p>\n<p><strong>-ruokailuv\u00e4lineet<\/strong><\/p>\n<p>-makuupussi ( ja sis\u00e4lakana). Suosittelemme talvimakuupussia.<\/p>\n<p>-makuualusta<\/p>\n<p>-muutamia muovipusseja (todella monik\u00e4ytt\u00f6isi\u00e4)<\/p>\n<p>-tasku- tai otsalamppu (jossa uudet paristot)<\/p>\n<p>-hammasharja (ihan kohteliasta kavereita ajatellen)<\/p>\n<p>-pieni pala\/pullo saippuaa<\/p>\n<p><strong>-lis\u00e4remmej\u00e4 <\/strong>(yms. korjausv\u00e4lineit\u00e4)<\/p>\n<p><strong>-juomapulloja v\u00e4hint\u00e4\u00e4n 2,5l edest\u00e4. T\u00e4ynn\u00e4. <\/strong>Mieluummin nelj\u00e4 pient\u00e4 kuin yksi iso.<\/p>\n<p><strong>-rinkan sadesuoja. V\u00e4hint\u00e4\u00e4n j\u00e4tes\u00e4kki.<\/strong><\/p>\n<p>-puukko (ei vy\u00f6ll\u00e4, linkkari kelpaa ja on kevyempi)<\/p>\n<p>-kompassi<\/p>\n<p>-kamera<\/p>\n<p>-puolikas rulla vessapaperia(kaikenlaista pyyhkimist\u00e4 varten)<\/p>\n<p>-ensiapuv\u00e4lineet itsesi hoitamista varten (p\u00e4\u00e4ns\u00e4rky, pienet haavat yms)<\/p>\n<p>-tulitikut (vesitiiviisti)<\/p>\n<p>-lis\u00e4energiaa, esim muutama suklaapatukka\/rusinoita\/kuivattuja hedelmi\u00e4<\/p>\n<p>-matkatekemist\u00e4 bussimatkalle. Ajoaika n.2,5h. Bussiin ei voi j\u00e4tt\u00e4\u00e4 mit\u00e4\u00e4n vaelluksen ajaksi.<\/p>\n<p>-ev\u00e4\u00e4t matkalle Vaasasta Seitsemiseen<\/p>\n<p><strong>&#8211;<\/strong>muuta, mit\u00e4 mahdollisesti katsot tarvitsevasi.<\/p>\n<p><strong>-MIETI, tarvitsetko ihan oikeasti kaiken t\u00e4m\u00e4n?!<\/strong><\/p>\n<p><strong>\u00a0<\/strong><\/p>\n<p><strong>\u00a0<\/strong><\/p>\n<p><strong>Seuraavia varusteita ET tarvitse:<\/strong><\/p>\n<p>-k\u00e4\u00e4repaperilliset karkit<\/p>\n<p>-k\u00e4\u00e4repaperittomat karkit<\/p>\n<p>-limsaa<\/p>\n<p>-farkut<\/p>\n<p>&nbsp;<\/p>\n<p>Jos vaelluksesta tulee jotain kysytt\u00e4v\u00e4\u00e4, j\u00e4rjest\u00e4j\u00e4t vastaavat mielell\u00e4\u00e4n kaikkiin kysymyksiin.<\/p>\n<p>&nbsp;<\/p>\n<p>Vaelluksen johtaja: Joonas Puska<\/p>\n<p>0509193747<\/p>\n<p>joonas.puska@gmail.com<\/p>\n<p>&nbsp;<\/p>\n","protected":false},"excerpt":{"rendered":"<p>\u00a0 Mets\u00e4veikkojen syysvaellus Seitsemiseen \u00a0 Vaasan Mets\u00e4veikot j\u00e4rjest\u00e4v\u00e4t syysvaelluksen Seitsemisen kansallispuistoon. Vaellukselle l\u00e4hdet\u00e4\u00e4n perjantaina 9.9.2016 klo 16:30 Mets\u00e4veikkojen kololta ja palataan sunnuntaina 11.9.2016 n klo <a class=\"read-more\" href=\"https:\/\/www.vaasanmetsaveikot.fi\/index.php\/seitsemiseen\/\"> (Continue Reading)<\/a><\/p>\n","protected":false},"author":9,"featured_media":0,"parent":0,"menu_order":0,"comment_status":"closed","ping_status":"closed","template":"","meta":{"footnotes":""},"class_list":["post-699","page","type-page","status-publish","hentry"],"_links":{"self":[{"href":"https:\/\/www.vaasanmetsaveikot.fi\/index.php\/wp-json\/wp\/v2\/pages\/699","targetHints":{"allow":["GET"]}}],"collection":[{"href":"https:\/\/www.vaasanmetsaveikot.fi\/index.php\/wp-json\/wp\/v2\/pages"}],"about":[{"href":"https:\/\/www.vaasanmetsaveikot.fi\/index.php\/wp-json\/wp\/v2\/types\/page"}],"author":[{"embeddable":true,"href":"https:\/\/www.vaasanmetsaveikot.fi\/index.php\/wp-json\/wp\/v2\/users\/9"}],"replies":[{"embeddable":true,"href":"https:\/\/www.vaasanmetsaveikot.fi\/index.php\/wp-json\/wp\/v2\/comments?post=699"}],"version-history":[{"count":3,"href":"https:\/\/www.vaasanmetsaveikot.fi\/index.php\/wp-json\/wp\/v2\/pages\/699\/revisions"}],"predecessor-version":[{"id":704,"href":"https:\/\/www.vaasanmetsaveikot.fi\/index.php\/wp-json\/wp\/v2\/pages\/699\/revisions\/704"}],"wp:attachment":[{"href":"https:\/\/www.vaasanmetsaveikot.fi\/index.php\/wp-json\/wp\/v2\/media?parent=699"}],"curies":[{"name":"wp","href":"https:\/\/api.w.org\/{rel}","templated":true}]}}