{"id":3570,"date":"2020-06-01T18:55:15","date_gmt":"2020-06-01T16:55:15","guid":{"rendered":"http:\/\/www.vaasanmetsaveikot.fi\/?page_id=3570"},"modified":"2020-07-21T00:23:55","modified_gmt":"2020-07-20T22:23:55","slug":"veikko-2020","status":"publish","type":"page","link":"https:\/\/www.vaasanmetsaveikot.fi\/index.php\/veikko-2020\/","title":{"rendered":"VEIKKO 2020"},"content":{"rendered":"\n<figure class=\"wp-block-image size-large\"><img loading=\"lazy\" decoding=\"async\" width=\"1024\" height=\"256\" src=\"https:\/\/www.vaasanmetsaveikot.fi\/site\/wp-content\/uploads\/2020\/07\/veikko-logo2-1024x256.jpg\" alt=\"\" class=\"wp-image-3669\" srcset=\"https:\/\/www.vaasanmetsaveikot.fi\/site\/wp-content\/uploads\/2020\/07\/veikko-logo2-1024x256.jpg 1024w, https:\/\/www.vaasanmetsaveikot.fi\/site\/wp-content\/uploads\/2020\/07\/veikko-logo2-300x75.jpg 300w, https:\/\/www.vaasanmetsaveikot.fi\/site\/wp-content\/uploads\/2020\/07\/veikko-logo2-768x192.jpg 768w, https:\/\/www.vaasanmetsaveikot.fi\/site\/wp-content\/uploads\/2020\/07\/veikko-logo2.jpg 1200w\" sizes=\"auto, (max-width: 1024px) 100vw, 1024px\" \/><\/figure>\n\n\n\n<div class=\"wp-block-columns is-layout-flex wp-container-core-columns-is-layout-9d6595d7 wp-block-columns-is-layout-flex\">\n<div class=\"wp-block-column is-layout-flow wp-block-column-is-layout-flow\">\n<p>Leirin ajankohta: 27.7.-2.8.2020 <\/p>\n\n\n\n<p>Viimeinen ilmoittautumisp\u00e4iv\u00e4 on 13.7 <\/p>\n\n\n\n<p>Vaasan Mets\u00e4veikkojen kes\u00e4leiri Inkelinmaalla! <\/p>\n\n\n\n<p>Leiriin liittyviss\u00e4 asioissa voitte olla yhteydess\u00e4<br>Leirinjohtaja:<\/p>\n\n\n\n<p>Juuso Junila<br> juuso.junila[at]partio.fi<br><\/p>\n\n\n\n<figure class=\"wp-block-table alignleft\"><table class=\"\"><tbody><tr><td>IK\u00c4KAUSI<\/td><td><\/td><td>LEIRIN PITUUS<\/td><td>HINTA<\/td><td><\/td><\/tr><tr><td> Sudenpennut      <\/td><td><\/td><td>  Pe-Su <\/td><td> 50\u20ac <\/td><td><\/td><\/tr><tr><td> Seikkailijat <\/td><td><\/td><td>  Pe-Su <\/td><td> 50\u20ac <\/td><td><\/td><\/tr><tr><td> Tarpojat <\/td><td><\/td><td>  Ma-Su <\/td><td>100\u20ac<\/td><td><\/td><\/tr><tr><td> Samoajat <\/td><td><\/td><td>  Ma-Su <\/td><td>100\u20ac<\/td><td><\/td><\/tr><tr><td> Johtajat (yli 18V)<\/td><td><\/td><td>  Ma-Su <\/td><td> 50\u20ac <\/td><td><br><\/td><\/tr><tr><td>P\u00e4iv\u00e4 tekij\u00e4n\u00e4<\/td><td><\/td><td><\/td><td>10\u20ac \/ p\u00e4iv\u00e4<\/td><td><\/td><\/tr><\/tbody><\/table><\/figure>\n<\/div>\n\n\n\n<div class=\"wp-block-column is-layout-flow wp-block-column-is-layout-flow\">\n<figure class=\"wp-block-image size-large\"><img loading=\"lazy\" decoding=\"async\" width=\"652\" height=\"806\" src=\"https:\/\/www.vaasanmetsaveikot.fi\/site\/wp-content\/uploads\/2020\/06\/VEIKKO2020_logo_2.png\" alt=\"\" class=\"wp-image-3593\" srcset=\"https:\/\/www.vaasanmetsaveikot.fi\/site\/wp-content\/uploads\/2020\/06\/VEIKKO2020_logo_2.png 652w, https:\/\/www.vaasanmetsaveikot.fi\/site\/wp-content\/uploads\/2020\/06\/VEIKKO2020_logo_2-243x300.png 243w\" sizes=\"auto, (max-width: 652px) 100vw, 652px\" \/><\/figure>\n<\/div>\n<\/div>\n\n\n\n<p><\/p>\n\n\n\n<div class=\"wp-block-group is-layout-flow wp-block-group-is-layout-flow\"><div class=\"wp-block-group__inner-container\"><\/div><\/div>\n\n\n\n<figure class=\"wp-block-pullquote\"><blockquote><p>Leirikirjeet on l\u00e4hetetty!<br>Kirjeen l\u00f6yd\u00e4t t\u00e4\u00e4lt\u00e4:<br><a href=\"https:\/\/www.vaasanmetsaveikot.fi\/site\/wp-content\/uploads\/2020\/07\/VEIKKO2020Leirikirje.pdf\">Linkki<\/a><\/p><cite>Shh! salaisen viestin l\u00f6yd\u00e4t t\u00e4\u00e4lt\u00e4:<br><a href=\"https:\/\/www.vaasanmetsaveikot.fi\/site\/wp-content\/uploads\/2020\/07\/VEIKKO2020Leirikirjeenliite.pdf\">linkki<\/a><\/cite><\/blockquote><\/figure>\n\n\n\n<p>Tarpojat \/ Samoajat:<br>Leirille saavutaan omilla kyydeill\u00e4 koronarajoitusten vuoksi. Leirill\u00e4 tarvitaan omaa polkupy\u00f6r\u00e4\u00e4 ja omaa telttaa, joten varmistathan ett\u00e4 py\u00f6r\u00e4 on kunnossa ja jos omaa telttaa ei l\u00f6ydy niin ilmoitathan siit\u00e4 ilmottautumisen yhteydess\u00e4.<br><br>Vartiolaisten (tarpojien ja samoajien) ilmoittautuminen:<br> <a href=\"http:\/\/kuksaan.fi\/35193\">http:\/\/kuksaan.fi\/35193<\/a> <br><\/p>\n\n\n\n<p>Sudenpennut \/ Seikkailijat:<br>Leirille saavutaan omilla kyydeill\u00e4 koronarajoitusten vuoksi. Leirill\u00e4 tarvitaan omaa telttaa, jos omaa telttaa ei l\u00f6ydy niin ilmoitathan siit\u00e4 ilmottautumisen yhteydess\u00e4. <br><br>Sudenpentujen ja seikkailijoiden ilmoittautuminen:<br><a href=\"http:\/\/kuksaan.fi\/35416\">http:\/\/kuksaan.fi\/35416<\/a> <\/p>\n\n\n\n<p><\/p>\n\n\n\n<p><br>Leirill\u00e4 noudatetaan viranomaisten ja Suomen Partiolaisten antamia ohjeistuksia:  <a href=\"http:\/\/partio.fi\/korona\">http:\/\/partio.fi\/korona<\/a>  <br><br>Leirill\u00e4 toimitaan pieniss\u00e4 2-3 hengen tiimeiss\u00e4, tartuntariskien rajoittamiseksi. Y\u00f6pyminen leirill\u00e4 j\u00e4rjestet\u00e4\u00e4n omissa majoitteissa \/ lippukunnan teltoissa n\u00e4iss\u00e4 samoissa tiimeiss\u00e4.<br><br>Leirille osallistumisen edellytyksen\u00e4 on, ett\u00e4 leiril\u00e4inen ja leiril\u00e4isen kotiv\u00e4ki ovat pysyneet tervein\u00e4 viimeisen viikon. Riskiryhmiin kuuluvien osallistumista leirille arvioi ja p\u00e4\u00e4tt\u00e4\u00e4 kotiv\u00e4ki.<br><br>Kynnys leirilt\u00e4 l\u00e4htemiseen pidet\u00e4\u00e4n korkeampana ja esim. kuumeen vuoksi leiril\u00e4inen l\u00e4hetet\u00e4\u00e4n leirilt\u00e4 kotia.<br><br>Epidemiatilanteen muuttuessa leirin aikataulu voi muttua nopeasti ja leiri saatetaan joutua perumaan lyhyell\u00e4kin varoitusajalla. <\/p>\n\n\n\n<div style=\"height:35px\" aria-hidden=\"true\" class=\"wp-block-spacer\"><\/div>\n\n\n\n<figure class=\"wp-block-embed-youtube alignleft wp-block-embed is-type-video is-provider-youtube wp-embed-aspect-16-9 wp-has-aspect-ratio\"><div class=\"wp-block-embed__wrapper\">\n<iframe loading=\"lazy\" title=\"VEIKKO 2020 Traileri\" width=\"750\" height=\"422\" src=\"https:\/\/www.youtube.com\/embed\/o-mhq-e3V5w?feature=oembed\" frameborder=\"0\" allow=\"accelerometer; autoplay; encrypted-media; gyroscope; picture-in-picture\" allowfullscreen><\/iframe>\n<\/div><\/figure>\n","protected":false},"excerpt":{"rendered":"<p>Leirin ajankohta: 27.7.-2.8.2020 Viimeinen ilmoittautumisp\u00e4iv\u00e4 on 13.7 Vaasan Mets\u00e4veikkojen kes\u00e4leiri Inkelinmaalla! Leiriin liittyviss\u00e4 asioissa voitte olla yhteydess\u00e4Leirinjohtaja: Juuso Junila juuso.junila[at]partio.fi IK\u00c4KAUSI LEIRIN PITUUS HINTA Sudenpennut <a class=\"read-more\" href=\"https:\/\/www.vaasanmetsaveikot.fi\/index.php\/veikko-2020\/\"> (Continue Reading)<\/a><\/p>\n","protected":false},"author":21,"featured_media":0,"parent":0,"menu_order":0,"comment_status":"closed","ping_status":"closed","template":"","meta":{"footnotes":""},"class_list":["post-3570","page","type-page","status-publish","hentry"],"_links":{"self":[{"href":"https:\/\/www.vaasanmetsaveikot.fi\/index.php\/wp-json\/wp\/v2\/pages\/3570","targetHints":{"allow":["GET"]}}],"collection":[{"href":"https:\/\/www.vaasanmetsaveikot.fi\/index.php\/wp-json\/wp\/v2\/pages"}],"about":[{"href":"https:\/\/www.vaasanmetsaveikot.fi\/index.php\/wp-json\/wp\/v2\/types\/page"}],"author":[{"embeddable":true,"href":"https:\/\/www.vaasanmetsaveikot.fi\/index.php\/wp-json\/wp\/v2\/users\/21"}],"replies":[{"embeddable":true,"href":"https:\/\/www.vaasanmetsaveikot.fi\/index.php\/wp-json\/wp\/v2\/comments?post=3570"}],"version-history":[{"count":16,"href":"https:\/\/www.vaasanmetsaveikot.fi\/index.php\/wp-json\/wp\/v2\/pages\/3570\/revisions"}],"predecessor-version":[{"id":3682,"href":"https:\/\/www.vaasanmetsaveikot.fi\/index.php\/wp-json\/wp\/v2\/pages\/3570\/revisions\/3682"}],"wp:attachment":[{"href":"https:\/\/www.vaasanmetsaveikot.fi\/index.php\/wp-json\/wp\/v2\/media?parent=3570"}],"curies":[{"name":"wp","href":"https:\/\/api.w.org\/{rel}","templated":true}]}}