{"id":3564,"date":"2020-05-29T14:52:44","date_gmt":"2020-05-29T12:52:44","guid":{"rendered":"http:\/\/www.vaasanmetsaveikot.fi\/?page_id=3564"},"modified":"2020-06-08T15:31:36","modified_gmt":"2020-06-08T13:31:36","slug":"saariston-rengastien-polkupyoravaellus","status":"publish","type":"page","link":"https:\/\/www.vaasanmetsaveikot.fi\/index.php\/saariston-rengastien-polkupyoravaellus\/","title":{"rendered":"Saariston rengastien polkupy\u00f6r\u00e4vaellus"},"content":{"rendered":"\n<p>26.-29.6.2020<\/p>\n\n\n\n<p>Saariston rengastie on merellinen\nrengasreitti joka tutustuttaa ainutlaatuisen hienoon Turun saaristoon. Reitille\non rakennettu paljon py\u00f6r\u00e4teit\u00e4 ja my\u00f6s mutkittelevia pikku saaristoteit\u00e4\np\u00e4\u00e4semme polkemaan. Saaristo on maailman mittakaavassa ainutlaatuinen, ja t\u00e4m\u00e4\non ehdottomasti yksi Suomen legendaarisimmista ja kauneimmista\npolkupy\u00f6r\u00e4ilt\u00e4vist\u00e4 reiteist\u00e4. Lis\u00e4tietoa saariston rengastiest\u00e4 l\u00f6yd\u00e4t\nesimerkiksi t\u00e4\u00e4lt\u00e4: <a href=\"https:\/\/visitparainen.fi\/fi\/saariston-rengastie\/\">https:\/\/visitparainen.fi\/fi\/saariston-rengastie\/<\/a><\/p>\n\n\n\n<p>Poljemme saariston rengastien t\u00e4ysimittaisena, poljettavaa tulee nelj\u00e4n p\u00e4iv\u00e4n aikana yhteens\u00e4 noin 150km. T\u00e4m\u00e4n lis\u00e4ksi on useita siirtymi\u00e4 lautoilla ja yhteysaluksilla. Reitti kierret\u00e4\u00e4n vastap\u00e4iv\u00e4\u00e4n, jolloin on paras mahdollisuus my\u00f6t\u00e4tuuleen.<\/p>\n\n\n\n<p>Vaelluksen j\u00e4rjestelyiss\u00e4 otetaan huomioon my\u00f6s koronariskit. Rengastiell\u00e4 kontaktin v\u00e4ltt\u00e4minen muihin matkailijoihin on helppoa. Matkat Vaasasta Turkuun ovat reissun koronariskialttein kohta. Osallistujat ovat vaelluksella toistensa kanssa l\u00e4heisiss\u00e4 tekemisiss\u00e4, osallistumisen ehtona on, ett\u00e4 partiolainen ja h\u00e4nen kotiv\u00e4kens\u00e4 ovat koronaoireettomia.<\/p>\n\n\n\n<p>Vaelluksen johtaa Mets\u00e4veikko\nMikko Sillander eli Silli, joka on asunut Turussa 18 vuotta ja kiert\u00e4nyt\nrengastien kahdesti.<\/p>\n\n\n\n<h2 class=\"wp-block-heading\">Aikataulu<\/h2>\n\n\n\n<p>Reissu alkaa Vaasasta perjantaina\n26.6. aamulla ja p\u00e4\u00e4ttyy Vaasaan maanantaina 29.6. my\u00f6h\u00e4\u00e4n illalla. Matka\nVaasasta Turkuun tehd\u00e4\u00e4n ryhm\u00e4koosta riippuen junalla tai henkil\u00f6auto-per\u00e4k\u00e4rry\n\u2013yhdistelm\u00e4ll\u00e4. <\/p>\n\n\n\n<h2 class=\"wp-block-heading\">Polkupy\u00f6r\u00e4<\/h2>\n\n\n\n<p>Saariston rengastiell\u00e4 on m\u00e4ki\u00e4\nja tienpinta vaihtelee asfaltista hiekkatiehen ja karkeaan murikkaan. Reissuun\nei kannata l\u00e4hte\u00e4 huonokuntoisella py\u00f6r\u00e4ll\u00e4, ja siksi kehoitamme osallistujia\nvuokraamaan py\u00f6r\u00e4n Turusta jos oman py\u00f6r\u00e4n soveltuvuus arveluttaa. Py\u00f6r\u00e4n\nminimivaatimuksia ovat: kilpapy\u00f6r\u00e4\u00e4 leve\u00e4mm\u00e4t renkaat, mahdollisuus kiinnitt\u00e4\u00e4\nvaellusvarusteet<\/p>\n\n\n\n<h2 class=\"wp-block-heading\">Tavarat<\/h2>\n\n\n\n<p>Kalustoa ei kannata kantaa\nsel\u00e4ss\u00e4, koska t\u00e4m\u00e4 rasittaa nivusia kun koko p\u00e4iv\u00e4 istutaan satulassa.\nVarusteet tulee kiinnitt\u00e4\u00e4 py\u00f6r\u00e4\u00e4n turvallisesti esimerkiksi sivulaukuin tai\nrepussa joka k\u00f6ytet\u00e4\u00e4n tukevasti py\u00f6r\u00e4\u00e4n. Sopivia sivulaukkuja kannattaa\nlainata tuttavapiirist\u00e4.<\/p>\n\n\n\n<p>Varusteluettelo julkaistaan\ntapahtuman kotisivulla ja l\u00e4hetet\u00e4\u00e4n osallistujille ilmoittautumisen j\u00e4lkeen.\nVarustus on karkeasti ottaen kevyt y\u00f6retkivarustus, mukaan lukien sadevaatteet\nja lis\u00e4ttyn\u00e4 kyp\u00e4r\u00e4ll\u00e4, pakattuna py\u00f6r\u00e4\u00e4n kiinnitett\u00e4viin laukkuihin.<\/p>\n\n\n\n<h2 class=\"wp-block-heading\">Hinta<\/h2>\n\n\n\n<p>Vaelluksen osallistumismaksut kattavat kustannukset, vaelluksen hinta on 120\u20ac sis\u00e4lt\u00e4en matkat, ruoat, majoituksen ja lauttamaksut. Mik\u00e4li vaelluksen toteutuneet kustannukset j\u00e4\u00e4v\u00e4t t\u00e4m\u00e4n alle, palautetaan ylij\u00e4\u00e4m\u00e4 osallistujille. Polkupy\u00f6r\u00e4n vuokraaminen Vaasasta tuomisen sijaan nostaa hintaa 35\u20ac. Jos osallistuja j\u00e4rjest\u00e4\u00e4 itsens\u00e4 Turkuun ja takaisin omatoimisesti, v\u00e4hennet\u00e4\u00e4n hinnasta 50\u20ac.<\/p>\n\n\n\n<p>Hintaan on mahdollista saada avustusta ottamalla yhteytt\u00e4 LPKJ Antti Karppiin. Toiveena on, ettei kukaan j\u00e4\u00e4 pois reissusta rahan takia.<\/p>\n\n\n\n<h2 class=\"wp-block-heading\">Ennakkovaatimukset<\/h2>\n\n\n\n<p>T\u00e4lle vaellukselle kannattaa l\u00e4hte\u00e4\njos jaksaa polkea 40 kilometri\u00e4 p\u00e4iv\u00e4ss\u00e4. Osallistujille ennakkovaatimuksena on\nkipaista polkupy\u00f6r\u00e4ll\u00e4 Inkelinmaalla tai Raippaluodon sillalla, ja ottaa siell\u00e4\nkuva itsest\u00e4, py\u00f6r\u00e4st\u00e4 ja jostain maamerkist\u00e4 ja l\u00e4hett\u00e4\u00e4 kuva juhannukseen\nmenness\u00e4 Sillille: <a href=\"mailto:mikko@sillander.com\">mikko@sillander.com<\/a>.<\/p>\n\n\n\n<p>Jos l\u00e4hdet vaellukselle omalla py\u00f6r\u00e4ll\u00e4, on py\u00f6r\u00e4 katsastettava Mets\u00e4veikkojen kololla vaellusta edelt\u00e4v\u00e4ll\u00e4 viikolla. Huolla py\u00f6r\u00e4, asenna siihen taakkatelineet ja tuo py\u00f6r\u00e4 n\u00e4ytille my\u00f6hemmin t\u00e4ll\u00e4 sivulla ilmoitettavana ajankohtana.<\/p>\n\n\n\n<p>Jokaisen vaellukselle l\u00e4htij\u00e4n ja t\u00e4m\u00e4n kotiv\u00e4en tulee olla koronaoireeton. Vaelluksella k\u00e4ytet\u00e4\u00e4n Mets\u00e4veikkohuivia ja py\u00f6r\u00e4ilykyp\u00e4r\u00e4\u00e4 ja k\u00e4ytt\u00e4ydyt\u00e4\u00e4n partiomaisesti.<\/p>\n\n\n\n<p>Vaellukselle ei ole ik\u00e4rajaa.<\/p>\n\n\n\n<h2 class=\"wp-block-heading\">Ilmoittautuminen<\/h2>\n\n\n\n<p>Ilmoittautuminen tehd\u00e4\u00e4n Kuksassa 10.6.2020 menness\u00e4, linkki on t\u00e4ss\u00e4:<\/p>\n\n\n\n<p><a href=\"https:\/\/kuksa.partio.fi\/Kotisivut\/tilaisuus_ilmoittaudu.aspx?Id=35078\">https:\/\/kuksa.partio.fi\/Kotisivut\/tilaisuus_ilmoittaudu.aspx?Id=35078<\/a><\/p>\n\n\n\n<p>Peruminen on mahdollista ilman kustannuksia 16.6. asti. T\u00e4m\u00e4n j\u00e4lkeen perumisesta laskutetaan perujalta t\u00e4m\u00e4n osuus toteutuneista kustannuksista kuten matkalippujen peruutusmaksut ja muut mahdolliset kulut joita ei ole mahdollista en\u00e4\u00e4 viime tipassa v\u00e4ltt\u00e4\u00e4.<\/p>\n\n\n\n<p>Vaelluksen peruuntuminen on mahdollista alhaisen osallistujam\u00e4\u00e4r\u00e4n, koronarajoitusten tai karsean s\u00e4\u00e4n johdosta.<\/p>\n\n\n\n<h2 class=\"wp-block-heading\">Infotilaisuus<\/h2>\n\n\n\n<p>Vaelluksesta pidet\u00e4\u00e4n infotilaisuus osallistujille 8.6. klo 19.00 Teamsissa. Linkki tilaisuuteen:<\/p>\n\n\n\n<p><a rel=\"noreferrer noopener\" href=\"https:\/\/teams.microsoft.com\/l\/meetup-join\/19%3ameeting_ZDRiZmE2YjUtMGNmMS00ZWExLTk5NGUtNWUyYTFhMzE1NzYx%40thread.v2\/0?context=%7b%22Tid%22%3a%226dbdd86f-3428-4e40-98da-7532bdd09bae%22%2c%22Oid%22%3a%227b874b5f-8cc7-4e0e-8e64-560e1cf3c868%22%7d\" target=\"_blank\">Jo<\/a><strong><a rel=\"noreferrer noopener\" href=\"https:\/\/teams.microsoft.com\/l\/meetup-join\/19%3ameeting_ZDRiZmE2YjUtMGNmMS00ZWExLTk5NGUtNWUyYTFhMzE1NzYx%40thread.v2\/0?context=%7b%22Tid%22%3a%226dbdd86f-3428-4e40-98da-7532bdd09bae%22%2c%22Oid%22%3a%227b874b5f-8cc7-4e0e-8e64-560e1cf3c868%22%7d\" target=\"_blank\">in Microsoft Teams Meeting<\/a>  <\/strong><\/p>\n\n\n\n<p>Ole yhteydess\u00e4, mik\u00e4li jokin vaelluksessa mietitytt\u00e4\u00e4: mikko@sillander.com<\/p>\n\n\n\n<p>T\u00e4st\u00e4 tulee loistava reissu, tervetuloa mukaan! Ja ei kun\nilmoittautumaan 10.6.2020 menness\u00e4!<\/p>\n","protected":false},"excerpt":{"rendered":"<p>26.-29.6.2020 Saariston rengastie on merellinen rengasreitti joka tutustuttaa ainutlaatuisen hienoon Turun saaristoon. Reitille on rakennettu paljon py\u00f6r\u00e4teit\u00e4 ja my\u00f6s mutkittelevia pikku saaristoteit\u00e4 p\u00e4\u00e4semme polkemaan. Saaristo <a class=\"read-more\" href=\"https:\/\/www.vaasanmetsaveikot.fi\/index.php\/saariston-rengastien-polkupyoravaellus\/\"> (Continue Reading)<\/a><\/p>\n","protected":false},"author":9,"featured_media":0,"parent":0,"menu_order":0,"comment_status":"closed","ping_status":"closed","template":"","meta":{"footnotes":""},"class_list":["post-3564","page","type-page","status-publish","hentry"],"_links":{"self":[{"href":"https:\/\/www.vaasanmetsaveikot.fi\/index.php\/wp-json\/wp\/v2\/pages\/3564","targetHints":{"allow":["GET"]}}],"collection":[{"href":"https:\/\/www.vaasanmetsaveikot.fi\/index.php\/wp-json\/wp\/v2\/pages"}],"about":[{"href":"https:\/\/www.vaasanmetsaveikot.fi\/index.php\/wp-json\/wp\/v2\/types\/page"}],"author":[{"embeddable":true,"href":"https:\/\/www.vaasanmetsaveikot.fi\/index.php\/wp-json\/wp\/v2\/users\/9"}],"replies":[{"embeddable":true,"href":"https:\/\/www.vaasanmetsaveikot.fi\/index.php\/wp-json\/wp\/v2\/comments?post=3564"}],"version-history":[{"count":4,"href":"https:\/\/www.vaasanmetsaveikot.fi\/index.php\/wp-json\/wp\/v2\/pages\/3564\/revisions"}],"predecessor-version":[{"id":3584,"href":"https:\/\/www.vaasanmetsaveikot.fi\/index.php\/wp-json\/wp\/v2\/pages\/3564\/revisions\/3584"}],"wp:attachment":[{"href":"https:\/\/www.vaasanmetsaveikot.fi\/index.php\/wp-json\/wp\/v2\/media?parent=3564"}],"curies":[{"name":"wp","href":"https:\/\/api.w.org\/{rel}","templated":true}]}}