{"id":1691,"date":"2018-03-01T17:36:29","date_gmt":"2018-03-01T15:36:29","guid":{"rendered":"http:\/\/www.vaasanmetsaveikot.fi\/?page_id=1691"},"modified":"2024-12-17T22:03:27","modified_gmt":"2024-12-17T20:03:27","slug":"talvileiriinkeli","status":"publish","type":"page","link":"https:\/\/www.vaasanmetsaveikot.fi\/index.php\/talvileiriinkeli\/","title":{"rendered":"INKELI XXI Kalevala 6.-9.3.2025"},"content":{"rendered":"<p>Talvileirien V\u00e4in\u00e4m\u00f6inen INKELI\u00a0 tulee taas!<\/p>\n<p>&nbsp;<\/p>\n<p><strong>Mik\u00e4 Inkeli?<\/strong><\/p>\n<p>Inkeli on Mets\u00e4veikkojen aloittama ja nyt kaikkien Vaasan seudun partiolaisten yhteinen perinteinen talvileiri. Se j\u00e4rjestet\u00e4\u00e4n 6.-9.3.2025\u00a0 Inkelinmaan leiriauleella, Kosk\u00f6ss\u00e4 Mustasaaressa.<\/p>\n<p>Sudenpentujen osalta leiri kest\u00e4\u00e4 vain yhden y\u00f6n, ja seikkailijoiden osalta kaksi ja tarpojien ja<br \/>samoajien osalta kolme. Mutta leiri on silti ikimuistoinen jokaiselle. Vaatii rohkeutta l\u00e4hte\u00e4<br \/>pakkasessa nukkumaan keskelle lumista mets\u00e4\u00e4 pystytetyss\u00e4 teltassa. Jokainen selvi\u00e4\u00e4 t\u00e4st\u00e4, ja<br \/>viel\u00e4p\u00e4 hienosti! Siit\u00e4 tulee lis\u00e4\u00e4 rohkeutta ja itseluottamusta samalla kun my\u00f6s mets\u00e4ss\u00e4 ja<br \/>el\u00e4m\u00e4ss\u00e4 selvi\u00e4misen taidot karttuvat. Siksi me haluamme n\u00e4m\u00e4 nuorimmaisetkin mukaamme.<br \/>Talvileirit t\u00e4m\u00e4n ik\u00e4isille ovat kuuluneet ohjelmistoon jo pitk\u00e4\u00e4n; tied\u00e4mme mit\u00e4 olemme<br \/>tekem\u00e4ss\u00e4 ja teemme sen hyvin.<\/p>\n<p>Leirill\u00e4 olemme liikkeess\u00e4 paljon. Rakennamme yhdess\u00e4 tarvittavat leirirakennelmat ja<br \/>pystyt\u00e4mme teltat, opettelemme talvisia taitoja ja pelaamme talvisia pelej\u00e4. Illalla menemme<br \/>v\u00e4synein\u00e4 rivakasti nukkumaan ettei koti-ik\u00e4v\u00e4 ehdi yll\u00e4tt\u00e4\u00e4. Jokainen otetaan mukaan ja<br \/>johtajia on jo nyt ilmoittautunut reilu m\u00e4\u00e4r\u00e4. Sudenpennuilla ja seikkailijoilla on leirill\u00e4 heille<br \/>tuttuja johtajia. Y\u00f6ll\u00e4 on kipin\u00e4mikkoilua, supeilla johtaja valvoo vieress\u00e4 ja seikkailijoilla ja<br \/>vartiolaisilla on johtaja samassa teltassa. Leirin johtajisto on aikuisia, joilla on vankka kokemus talviretkeilyst\u00e4, my\u00f6s nuorten kanssa.<\/p>\n<p dir=\"ltr\">Leirinjohtajana toimii: Joonas Puska (puh. 050-9193747)<\/p>\n<p dir=\"ltr\">Leiri pituus ja hinta vaihtelevat ik\u00e4kauden mukaan:<\/p>\n<table style=\"height: 208px;\" width=\"360\" cellspacing=\"2\">\n<tbody>\n<tr>\n<td style=\"width: 224px;\">Sudenpennut<\/td>\n<td style=\"width: 52px;\">La-Su<\/td>\n<td style=\"width: 61px;\">35\u20ac<\/td>\n<\/tr>\n<tr>\n<td style=\"width: 224px;\">Seikkailijat<\/td>\n<td style=\"width: 52px;\">Pe-Su<\/td>\n<td style=\"width: 61px;\">45\u20ac<\/td>\n<\/tr>\n<tr>\n<td style=\"width: 224px;\">Tarpojat<\/td>\n<td style=\"width: 52px;\">To-Su<\/td>\n<td style=\"width: 61px;\">50\u20ac<\/td>\n<\/tr>\n<tr>\n<td style=\"width: 224px;\">Samoajat ja johtajat koko leiri<\/td>\n<td style=\"width: 52px;\">To-Su<\/td>\n<td style=\"width: 61px;\">35\u20ac<\/td>\n<\/tr>\n<tr>\n<td style=\"width: 224px;\">Samoajat ja johtajat yksi y\u00f6<\/td>\n<td style=\"width: 52px;\">To-Su<\/td>\n<td style=\"width: 61px;\">20\u20ac<\/td>\n<\/tr>\n<\/tbody>\n<\/table>\n<p>Ilmoittautuminen on jo auki!<br \/>Ilmoittaudu kuksassa: <a href=\"http:\/\/kuksaan.fi\/77355\">kuksaan.fi\/77355<\/a><br \/>Viimeinen ilmoittautumisp\u00e4iv\u00e4 on 26.1.2025<\/p>\n<p>&nbsp;<\/p>\n\n\n<p><\/p>\n","protected":false},"excerpt":{"rendered":"<p>Talvileirien V\u00e4in\u00e4m\u00f6inen INKELI\u00a0 tulee taas! &nbsp; Mik\u00e4 Inkeli? Inkeli on Mets\u00e4veikkojen aloittama ja nyt kaikkien Vaasan seudun partiolaisten yhteinen perinteinen talvileiri. Se j\u00e4rjestet\u00e4\u00e4n 6.-9.3.2025\u00a0 Inkelinmaan <a class=\"read-more\" href=\"https:\/\/www.vaasanmetsaveikot.fi\/index.php\/talvileiriinkeli\/\"> (Continue Reading)<\/a><\/p>\n","protected":false},"author":1,"featured_media":0,"parent":0,"menu_order":0,"comment_status":"closed","ping_status":"closed","template":"","meta":{"footnotes":""},"class_list":["post-1691","page","type-page","status-publish","hentry"],"_links":{"self":[{"href":"https:\/\/www.vaasanmetsaveikot.fi\/index.php\/wp-json\/wp\/v2\/pages\/1691","targetHints":{"allow":["GET"]}}],"collection":[{"href":"https:\/\/www.vaasanmetsaveikot.fi\/index.php\/wp-json\/wp\/v2\/pages"}],"about":[{"href":"https:\/\/www.vaasanmetsaveikot.fi\/index.php\/wp-json\/wp\/v2\/types\/page"}],"author":[{"embeddable":true,"href":"https:\/\/www.vaasanmetsaveikot.fi\/index.php\/wp-json\/wp\/v2\/users\/1"}],"replies":[{"embeddable":true,"href":"https:\/\/www.vaasanmetsaveikot.fi\/index.php\/wp-json\/wp\/v2\/comments?post=1691"}],"version-history":[{"count":36,"href":"https:\/\/www.vaasanmetsaveikot.fi\/index.php\/wp-json\/wp\/v2\/pages\/1691\/revisions"}],"predecessor-version":[{"id":5691,"href":"https:\/\/www.vaasanmetsaveikot.fi\/index.php\/wp-json\/wp\/v2\/pages\/1691\/revisions\/5691"}],"wp:attachment":[{"href":"https:\/\/www.vaasanmetsaveikot.fi\/index.php\/wp-json\/wp\/v2\/media?parent=1691"}],"curies":[{"name":"wp","href":"https:\/\/api.w.org\/{rel}","templated":true}]}}